{"id":436,"date":"2025-12-28T19:08:35","date_gmt":"2025-12-28T18:08:35","guid":{"rendered":"https:\/\/corticentermataro.com\/?post_type=product&#038;p=436"},"modified":"2025-12-29T22:32:06","modified_gmt":"2025-12-29T21:32:06","slug":"tejidos-acusticos","status":"publish","type":"product","link":"https:\/\/corticentermataro.com\/ca\/producte\/tejidos-acusticos\/","title":{"rendered":"Tejidos ac\u00fasticos"},"content":{"rendered":"","protected":false},"excerpt":{"rendered":"<p>Los tejidos ac\u00fasticos estan dise\u00f1ados para controlar las condiciones del SONIDO\u00a0 en lugar de permitir que el sonido rebote las fibras\u00a0 del tejido lo absorben por lo que proporciona un espacio mas silencioso. Normalmente son inifugos por lo cual son adecuados para restaurantes, bibliotecas y demas espacios publicos.<\/p>","protected":false},"featured_media":576,"comment_status":"closed","ping_status":"closed","template":"","meta":{"_joinchat":[]},"product_brand":[],"product_cat":[31],"product_tag":[],"class_list":{"0":"post-436","1":"product","2":"type-product","3":"status-publish","4":"has-post-thumbnail","6":"product_cat-cortinas-y-estores","8":"first","9":"instock","10":"shipping-taxable","11":"product-type-simple"},"_links":{"self":[{"href":"https:\/\/corticentermataro.com\/ca\/wp-json\/wp\/v2\/product\/436","targetHints":{"allow":["GET"]}}],"collection":[{"href":"https:\/\/corticentermataro.com\/ca\/wp-json\/wp\/v2\/product"}],"about":[{"href":"https:\/\/corticentermataro.com\/ca\/wp-json\/wp\/v2\/types\/product"}],"replies":[{"embeddable":true,"href":"https:\/\/corticentermataro.com\/ca\/wp-json\/wp\/v2\/comments?post=436"}],"wp:featuredmedia":[{"embeddable":true,"href":"https:\/\/corticentermataro.com\/ca\/wp-json\/wp\/v2\/media\/576"}],"wp:attachment":[{"href":"https:\/\/corticentermataro.com\/ca\/wp-json\/wp\/v2\/media?parent=436"}],"wp:term":[{"taxonomy":"product_brand","embeddable":true,"href":"https:\/\/corticentermataro.com\/ca\/wp-json\/wp\/v2\/product_brand?post=436"},{"taxonomy":"product_cat","embeddable":true,"href":"https:\/\/corticentermataro.com\/ca\/wp-json\/wp\/v2\/product_cat?post=436"},{"taxonomy":"product_tag","embeddable":true,"href":"https:\/\/corticentermataro.com\/ca\/wp-json\/wp\/v2\/product_tag?post=436"}],"curies":[{"name":"wp","href":"https:\/\/api.w.org\/{rel}","templated":true}]}}